{"id":60,"date":"2020-11-30T17:41:16","date_gmt":"2020-11-30T16:41:16","guid":{"rendered":"http:\/\/localhost:8888\/wordpress\/?page_id=60"},"modified":"2026-07-25T17:36:50","modified_gmt":"2026-07-25T15:36:50","slug":"la-nostra-cucina","status":"publish","type":"page","link":"https:\/\/www.osteriadellostrecciolo.it\/redaelli\/home\/la-nostra-cucina\/","title":{"rendered":"La nostra cucina"},"content":{"rendered":"<p>[et_pb_section fb_built=&#8221;1&#8243; _builder_version=&#8221;4.7.4&#8243; _module_preset=&#8221;default&#8221; background_color=&#8221;#fafafa&#8221;][et_pb_row _builder_version=&#8221;4.7.4&#8243; _module_preset=&#8221;default&#8221;][et_pb_column type=&#8221;4_4&#8243; _builder_version=&#8221;4.7.4&#8243; _module_preset=&#8221;default&#8221;][et_pb_text _builder_version=&#8221;4.7.7&#8243; _module_preset=&#8221;default&#8221; text_orientation=&#8221;center&#8221;]<\/p>\n<h1>La nostra cucina<\/h1>\n<p>[\/et_pb_text][\/et_pb_column][\/et_pb_row][et_pb_row column_structure=&#8221;1_4,1_2,1_4&#8243; _builder_version=&#8221;4.7.4&#8243; _module_preset=&#8221;default&#8221;][et_pb_column type=&#8221;1_4&#8243; _builder_version=&#8221;4.7.4&#8243; _module_preset=&#8221;default&#8221;][\/et_pb_column][et_pb_column type=&#8221;1_2&#8243; _builder_version=&#8221;4.7.4&#8243; _module_preset=&#8221;default&#8221;][et_pb_text _builder_version=&#8221;4.7.7&#8243; _module_preset=&#8221;default&#8221; text_font=&#8221;||||||||&#8221;]<\/p>\n<p class=\"subhead2 subh2\">Mette al centro l\u2019incontro con i sapori della tradizione, quelli semplici, che solo la grande materia prima \u00e8 in grado di garantire ed esaltare. La creativit\u00e0 che troverete nei piatti \u00e8 solo un modo per provare a rendere bello ci\u00f2 che gi\u00e0 \u00e8 buono. Perch\u00e9 anche gli occhi, come il palato, sono in cerca di nutrimento.<\/p>\n<p>[\/et_pb_text][\/et_pb_column][et_pb_column type=&#8221;1_4&#8243; _builder_version=&#8221;4.7.4&#8243; _module_preset=&#8221;default&#8221;][\/et_pb_column][\/et_pb_row][et_pb_row _builder_version=&#8221;4.7.7&#8243; _module_preset=&#8221;default&#8221;][et_pb_column type=&#8221;4_4&#8243; module_class=&#8221;pic-col&#8221; _builder_version=&#8221;4.7.7&#8243; _module_preset=&#8221;default&#8221; border_radii=&#8221;on|20px|20px|20px|20px&#8221;][et_pb_gallery gallery_ids=&#8221;423,424,425,426,427,428,429,430,431,432,433&#8243; gallery_orderby=&#8221;rand&#8221; fullwidth=&#8221;on&#8221; _builder_version=&#8221;4.7.7&#8243; _module_preset=&#8221;default&#8221; custom_margin=&#8221;||||false|false&#8221; auto=&#8221;on&#8221; auto_speed=&#8221;5000&#8243;][\/et_pb_gallery][\/et_pb_column][\/et_pb_row][et_pb_row column_structure=&#8221;1_3,1_3,1_3&#8243; use_custom_gutter=&#8221;on&#8221; gutter_width=&#8221;2&#8243; disabled_on=&#8221;off|off|off&#8221; _builder_version=&#8221;4.7.7&#8243; _module_preset=&#8221;default&#8221; width=&#8221;90%&#8221; max_width=&#8221;1920px&#8221;][et_pb_column type=&#8221;1_3&#8243; module_class=&#8221;pic-col&#8221; admin_label=&#8221;Carta&#8221; _builder_version=&#8221;4.7.7&#8243; _module_preset=&#8221;default&#8221; background_color=&#8221;#ffffff&#8221; custom_padding=&#8221;40px|40px|40px|40px|false|false&#8221; border_radii=&#8221;on|20px|20px|20px|20px&#8221;][et_pb_text admin_label=&#8221;Men\u00f9 alla Carta &#8211; Titolo&#8221; _builder_version=&#8221;4.6.6&#8243; _module_preset=&#8221;default&#8221; text_font=&#8221;||||||||&#8221; text_orientation=&#8221;center&#8221; custom_css_main_element=&#8221;font-weight:700;&#8221;]<\/p>\n<p><h1>Men\u00f9 alla Carta<\/h1>\n<\/p>\n<p>[\/et_pb_text][et_pb_toggle title=&#8221;Antipasti&#8221; open_toggle_text_color=&#8221;#d5b9a7&#8243; open_toggle_background_color=&#8221;#ffffff&#8221; closed_toggle_text_color=&#8221;#d5b9a7&#8243; closed_toggle_background_color=&#8221;#ffffff&#8221; icon_color=&#8221;#d5b9a7&#8243; _builder_version=&#8221;4.7.7&#8243; _module_preset=&#8221;default&#8221; title_text_color=&#8221;#d5b9a7&#8243; custom_padding=&#8221;0px|0px|0px|0px|false|false&#8221; custom_css_toggle_title=&#8221;font-variant: small-caps;||font-weight:600;||font-size:1.5em;||letter-spacing: .05em;||color:#D5B9A7;&#8221; border_width_all=&#8221;0px&#8221;]<\/p>\n<div class=\"menu-content\">\n<p class=\"menu-entry\">Baccal\u00e0 mantecato e merluzzo, pesto, patate e fagiolini <span class=\"menu-price\">28\u20ac<\/span><\/p>\n<p class=\"menu-entry\">Culatello 36 mesi, crudo di mora romagnola e coscia iberica <span class=\"menu-price\"> 26\u20ac<\/span><\/p>\n<p class=\"menu-entry\">Mazzancolle <i>in salsa cocktail<\/i> <span class=\"menu-price\">38\u20ac<\/span><\/p>\n<p class=\"menu-entry\">Frutta e verdura <span class=\"menu-price\">26\u20ac<\/span><!--<br \/><span style=\"font-size:.75em;\">bianchi (uovo), verdi (parmigiano), violetti (olive taggiasche), rosa (caviale)<\/span>--> <\/p>\n<\/div>\n<p>[\/et_pb_toggle][et_pb_toggle title=&#8221;Piatti di mezzo&#8221; open_toggle_text_color=&#8221;#d5b9a7&#8243; open_toggle_background_color=&#8221;#ffffff&#8221; closed_toggle_text_color=&#8221;#d5b9a7&#8243; closed_toggle_background_color=&#8221;#ffffff&#8221; icon_color=&#8221;#d5b9a7&#8243; _builder_version=&#8221;4.7.7&#8243; _module_preset=&#8221;default&#8221; title_text_color=&#8221;#d5b9a7&#8243; custom_padding=&#8221;0px|0px|0px|0px|false|false&#8221; custom_css_toggle_title=&#8221;font-variant: small-caps;||font-weight:600;||font-size:1.5em;||letter-spacing: .05em;||color:#D5B9A7;&#8221; border_width_all=&#8221;0px&#8221;]<\/p>\n<div class=\"menu-content\">\n<p class=\"menu-entry\">Lumache al bagnetto rosso e insalata aromatica <span class=\"menu-price\">26\u20ac<\/span><\/p>\n<p class=\"menu-entry\">Foie gras arrosto, fichi, nocciole, timo limone e pan brioche <span class=\"menu-price\">34\u20ac<\/span><\/p>\n<p class=\"menu-entry\">Coscette di rana fritte, salsa al burro bianco e prezzemolo <span class=\"menu-price\">32\u20ac<\/span><\/p>\n<p class=\"menus-entry\"><i>La Finanziera<\/i> <span class=\"menu-price\">28\u20ac<\/span><\/p>\n<\/div>\n<p>[\/et_pb_toggle][et_pb_toggle title=&#8221;Minestre&#8221; open_toggle_text_color=&#8221;#d5b9a7&#8243; open_toggle_background_color=&#8221;#ffffff&#8221; closed_toggle_text_color=&#8221;#d5b9a7&#8243; closed_toggle_background_color=&#8221;#ffffff&#8221; icon_color=&#8221;#d5b9a7&#8243; _builder_version=&#8221;4.7.7&#8243; _module_preset=&#8221;default&#8221; title_text_color=&#8221;#d5b9a7&#8243; custom_padding=&#8221;0px|0px|0px|0px|false|false&#8221; hover_enabled=&#8221;0&#8243; custom_css_toggle_title=&#8221;font-variant: small-caps;||font-weight:600;||font-size:1.5em;||letter-spacing: .05em;||color:#D5B9A7;&#8221; border_width_all=&#8221;0px&#8221; sticky_enabled=&#8221;0&#8243;]<\/p>\n<div class=\"menu-content\">\n<p class=\"menu-entry\">Fregola, pomodoro, zucchine, gamberi e scampi \u201csolo conditi\u201d <span class=\"menu-price\">38\u20ac<\/span><\/p>\n<\/div>\n<p>[\/et_pb_toggle][et_pb_toggle title=&#8221;Primi&#8221; open_toggle_text_color=&#8221;#d5b9a7&#8243; open_toggle_background_color=&#8221;#ffffff&#8221; closed_toggle_text_color=&#8221;#d5b9a7&#8243; closed_toggle_background_color=&#8221;#ffffff&#8221; icon_color=&#8221;#d5b9a7&#8243; _builder_version=&#8221;4.7.7&#8243; _module_preset=&#8221;default&#8221; title_text_color=&#8221;#d5b9a7&#8243; custom_padding=&#8221;0px|0px|0px|0px|false|false&#8221; hover_enabled=&#8221;0&#8243; custom_css_toggle_title=&#8221;font-variant: small-caps;||font-weight:600;||font-size:1.5em;||letter-spacing: .05em;||color:#D5B9A7;&#8221; border_width_all=&#8221;0px&#8221; sticky_enabled=&#8221;0&#8243;]<\/p>\n<div class=\"menu-content\">\n<p class=\"menu-entry\"><i>Non il solito\u2026<\/i> Risotto al pomodoro <span class=\"menu-price\">24\u20ac<\/span><\/p>\n<p class=\"menu-entry\">Plin ai tre arrosti e il suo fondo <span class=\"menu-price\">24\u20ac<\/span><\/p>\n<p class=\"menu-entry\">Mezze maniche, triglia, pesce spada e ricciola <span class=\"menu-price\">38\u20ac<\/span><\/p>\n<p class=\"menu-entry\">Gnocchi di patate, vongole e pesto di erbe <span class=\"menu-price\">34\u20ac<\/span><\/p>\n<\/div>\n<p>[\/et_pb_toggle][et_pb_toggle title=&#8221;Secondi di carne&#8221; open_toggle_text_color=&#8221;#d5b9a7&#8243; open_toggle_background_color=&#8221;#ffffff&#8221; closed_toggle_text_color=&#8221;#d5b9a7&#8243; closed_toggle_background_color=&#8221;#ffffff&#8221; icon_color=&#8221;#d5b9a7&#8243; _builder_version=&#8221;4.7.7&#8243; _module_preset=&#8221;default&#8221; title_text_color=&#8221;#d5b9a7&#8243; custom_padding=&#8221;0px|0px|0px|0px|false|false&#8221; custom_css_toggle_title=&#8221;font-variant: small-caps;||font-weight:600;||font-size:1.5em;||letter-spacing: .05em;||color:#D5B9A7;&#8221; border_width_all=&#8221;0px&#8221;]<\/p>\n<div class=\"menu-content\">\n<p class=\"menu-entry\">Costoletta di vitello della tradizione milanese <span class=\"menu-price\">38\u20ac<\/span><\/p>\n<p class=\"menu-entry\">Piccione \u201cLaura Peri\u201d in due cotture <span class=\"menu-price\"> 42\u20ac<\/span><\/p>\n<p class=\"menu-entry\">Filetto di Fassona cotto sulla brace e patate novelle <span class=\"menu-price\">38\u20ac<\/span><\/p>\n<\/div>\n<p>[\/et_pb_toggle][et_pb_toggle title=&#8221;Secondi di pesce&#8221; open_toggle_text_color=&#8221;#d5b9a7&#8243; open_toggle_background_color=&#8221;#ffffff&#8221; closed_toggle_text_color=&#8221;#d5b9a7&#8243; closed_toggle_background_color=&#8221;#ffffff&#8221; icon_color=&#8221;#d5b9a7&#8243; _builder_version=&#8221;4.7.7&#8243; _module_preset=&#8221;default&#8221; title_text_color=&#8221;#d5b9a7&#8243; custom_padding=&#8221;0px|0px|0px|0px|false|false&#8221; custom_css_toggle_title=&#8221;font-variant: small-caps;||font-weight:600;||font-size:1.5em;||letter-spacing: .05em;||color:#D5B9A7;&#8221; border_width_all=&#8221;0px&#8221;]<\/p>\n<div class=\"menu-content\">\n<p class=\"menu-entry\">Zuppa di pesce e pane croccante <span class=\"menu-price\">35\u20ac<\/span><\/p>\n<p class=\"menu-entry\"><i>Oggi dal mare&#8230;<\/i> <span class=\"menu-price\">40\u20ac<\/span><\/p>\n<p class=\"menu-entry\">Calamaro cacciarolo fritto, lime, anguria e melone <span class=\"menu-price\">36\u20ac<\/span><\/p>\n<\/div>\n<p>[\/et_pb_toggle][et_pb_toggle title=&#8221;Selezione di formaggi %22Franco Parola%22&#8243; open_toggle_text_color=&#8221;#d5b9a7&#8243; open_toggle_background_color=&#8221;#ffffff&#8221; closed_toggle_text_color=&#8221;#d5b9a7&#8243; closed_toggle_background_color=&#8221;#ffffff&#8221; icon_color=&#8221;#d5b9a7&#8243; _builder_version=&#8221;4.7.7&#8243; _module_preset=&#8221;default&#8221; title_text_color=&#8221;#d5b9a7&#8243; custom_padding=&#8221;0px|0px|0px|0px|false|false&#8221; custom_css_toggle_title=&#8221;font-variant: small-caps;||font-weight:600;||font-size:1.5em;||letter-spacing: .05em;||color:#D5B9A7;&#8221; border_width_all=&#8221;0px&#8221;]<\/p>\n<div class=\"menu-content\">\n<p class=\"menu-entry\">4 assaggi <span class=\"menu-price\">15\u20ac<\/span><\/p>\n<p class=\"menu-entry\">8 assaggi <span class=\"menu-price\">25\u20ac<\/span><\/p>\n<\/div>\n<p>[\/et_pb_toggle][et_pb_toggle title=&#8221;Dolci&#8221; open_toggle_text_color=&#8221;#d5b9a7&#8243; open_toggle_background_color=&#8221;#ffffff&#8221; closed_toggle_text_color=&#8221;#d5b9a7&#8243; closed_toggle_background_color=&#8221;#ffffff&#8221; icon_color=&#8221;#d5b9a7&#8243; _builder_version=&#8221;4.7.7&#8243; _module_preset=&#8221;default&#8221; title_text_color=&#8221;#d5b9a7&#8243; custom_padding=&#8221;0px|0px|0px|0px|false|false&#8221; custom_css_toggle_title=&#8221;font-variant: small-caps;||font-weight:600;||font-size:1.5em;||letter-spacing: .05em;||color:#D5B9A7;&#8221; border_width_all=&#8221;0px&#8221;]<\/p>\n<h3>i preferiti della Mamma<\/h3>\n<div class=\"menu-content\">\n<p class=\"menu-entry\">\u201cTorta di Rose\u201d<span class=\"menu-price\">13\u20ac<\/span><br \/><i>in abbinamento:<\/i> Madeira \u201cBual\u201d (Cossart Gordon) <span class=\"menu-price\">12\u20ac<\/span><\/p>\n<p class=\"menu-entry\">\u201cMacedonia\u201d <span class=\"menu-price\">18\u20ac<\/span><br \/><i>in abbinamento:<\/i> Riesling S\u00fcsse Biene Beerenauslese (Salomon Undhof) <span class=\"menu-price\">12\u20ac<\/span><\/p>\n<p class=\"menu-entry\">\u201cCaff\u00e8, mascarpone e zabaione\u201d <span class=\"menu-price\">15\u20ac<\/span><br \/><i>in abbinamento:<\/i> Moscato di Scanzo (Biava) <span class=\"menu-price\">18\u20ac<\/span><\/p>\n<p class=\"menu-entry\">\u201cNocciola\u201d <span class=\"menu-price\">13\u20ac<\/span><br \/><i>in abbinamento:<\/i> L\u2019altro Moscato (Marchesi di Gresy) <span class=\"menu-price\">15\u20ac<\/span><\/p>\n<p class=\"menu-entry\">Il nostro gelato <span class=\"menu-price\">8\u20ac<\/span><\/p>\n<p class=\"menu-entry\">Sorbetto di stagione <span class=\"menu-price\">8\u20ac<\/span><\/p>\n<\/div>\n<p>[\/et_pb_toggle][et_pb_text admin_label=&#8221;Men\u00f9 alla Carta &#8211; Titolo&#8221; _builder_version=&#8221;4.7.7&#8243; _module_preset=&#8221;default&#8221; text_font=&#8221;||||||||&#8221; custom_css_main_element=&#8221;font-weight:700;||color:#53575a!important;&#8221;]<\/p>\n<p><h3>Pane, lievitati fatti in casa e coperto 6\u20ac<\/h3>\n<\/p>\n<p>[\/et_pb_text][et_pb_text _builder_version=&#8221;4.7.7&#8243; _module_preset=&#8221;default&#8221; text_font=&#8221;|600|||||||&#8221; text_text_color=&#8221;#d5b9a7&#8243; custom_margin=&#8221;||||false|false&#8221; custom_padding=&#8221;20px|||40px|false|false&#8221; border_width_top=&#8221;1px&#8221; border_color_top=&#8221;#D5B9A7&#8243;]<\/p>\n<p>Si richiede ai signori clienti di comunicare eventuali allergie.<\/p>\n<p>Si comunica, inoltre, che in caso di indisponibilit\u00e0 di prodotto fresco vengono utilizzate ottime materie prime surgelate\/congelate. Il pesce, destinato ad essere mangiato crudo, \u00e8 stato sottoposto a trattamento di bonifica preventiva conforme alle prescrizioni del regolamento CE 853\/2004, allegato III, sezione VIII, capitolo 3, lettera D, punto 3.<\/p>\n<p><!--\n\n<p style=\"font-size:.9em;font-weight:400;\">Segnaliamo inoltre che alcuni prodotti sono trattati con l'abbattimento rapido della temperatura di -18 (ai sensi del Reg. CE n 852\/04).<\/p>\n\n-->[\/et_pb_text][\/et_pb_column][et_pb_column type=&#8221;1_3&#8243; module_class=&#8221;pic-col&#8221; admin_label=&#8221;Degustazione&#8221; _builder_version=&#8221;4.7.7&#8243; _module_preset=&#8221;default&#8221; background_color=&#8221;#d5b9a7&#8243; custom_padding=&#8221;40px|40px|40px|40px|false|false&#8221; border_radii=&#8221;on|20px|20px|20px|20px&#8221;][et_pb_text admin_label=&#8221;Men\u00f9 alla Carta &#8211; Titolo&#8221; _builder_version=&#8221;4.7.7&#8243; _module_preset=&#8221;default&#8221; text_font=&#8221;||||||||&#8221; text_orientation=&#8221;center&#8221; custom_margin=&#8221;||0px||false|false&#8221; custom_css_main_element=&#8221;font-weight:700;||color:#53575a!important;&#8221;]<\/p>\n<p><h1 style=\"color:#fff;\">Men\u00f9 Degustazione<\/h1>\n<\/p>\n<p>[\/et_pb_text][et_pb_text _builder_version=&#8221;4.7.7&#8243; _module_preset=&#8221;default&#8221; text_text_color=&#8221;#53575a&#8221; text_orientation=&#8221;center&#8221; custom_margin=&#8221;0px||||false|false&#8221; custom_padding=&#8221;||||false|false&#8221;]<\/p>\n<p>Il nostro percorso di degustazione nasce da incontri ed esperienze che hanno lasciato un segno sulla nostra strada e che speriamo possano lasciarlo anche sulla vostra<\/p>\n<p>[\/et_pb_text][et_pb_text _builder_version=&#8221;4.7.7&#8243; _module_preset=&#8221;default&#8221; text_text_color=&#8221;#53575a&#8221;]<\/p>\n<div class=\"menu-content-white\">\n<p class=\"menu-entry\"><b>Antologia<\/b><br \/>&#8211; 7 portate <span class=\"menu-price-white\">90\u20ac<\/span><\/p>\n<p class=\"menu-entry\"><b>Degustazione vini in abbinamento<\/b><br \/>&#8211; 5 calici <span class=\"menu-price-white\">60\u20ac<\/span><\/p>\n<\/div>\n<p>[\/et_pb_text][et_pb_text _builder_version=&#8221;4.7.7&#8243; _module_preset=&#8221;default&#8221; text_font=&#8221;|600|||||||&#8221; text_text_color=&#8221;#ffffff&#8221; custom_margin=&#8221;||||false|false&#8221; custom_padding=&#8221;20px|||40px|false|false&#8221; border_width_top=&#8221;1px&#8221; border_color_top=&#8221;#ffffff&#8221;]<\/p>\n<p>Il Men\u00f9 Degustazione si ispira alla nostra carta e alla disponibilit\u00e0 di prodotti freschi che il mercato del giorno ci rende disponibili.<\/p>\n<p>Il Men\u00f9 \u00e8 da intendersi valido per tutto il tavolo.<\/p>\n<p>[\/et_pb_text][\/et_pb_column][et_pb_column type=&#8221;1_3&#8243; module_class=&#8221;pic-col&#8221; admin_label=&#8221;Business&#8221; _builder_version=&#8221;4.7.7&#8243; _module_preset=&#8221;default&#8221; background_color=&#8221;#53575a&#8221; custom_padding=&#8221;40px|40px|40px|40px|false|false&#8221; border_radii=&#8221;on|20px|20px|20px|20px&#8221;][et_pb_text admin_label=&#8221;Men\u00f9 alla Carta &#8211; Titolo&#8221; _builder_version=&#8221;4.7.7&#8243; _module_preset=&#8221;default&#8221; text_font=&#8221;||||||||&#8221; text_orientation=&#8221;center&#8221; custom_margin=&#8221;||0px||false|false&#8221; custom_css_main_element=&#8221;font-weight:700;&#8221;]<\/p>\n<p><h1>Men\u00f9 <i>Business<\/i><\/h1>\n<\/p>\n<p>[\/et_pb_text][et_pb_text _builder_version=&#8221;4.7.7&#8243; _module_preset=&#8221;default&#8221; text_text_color=&#8221;#ffffff&#8221; text_orientation=&#8221;center&#8221; custom_margin=&#8221;0px||||false|false&#8221; custom_padding=&#8221;||||false|false&#8221;]<\/p>\n<p>da marted\u00ec a venerd\u00ec, a pranzo<\/p>\n<p>[\/et_pb_text][et_pb_text _builder_version=&#8221;4.7.7&#8243; _module_preset=&#8221;default&#8221; text_text_color=&#8221;#ffffff&#8221;]<\/p>\n<div class=\"menu-content\">\n<p class=\"menu-entry\">Men\u00f9 completo <span class=\"menu-price\">24\u20ac<\/span><\/p>\n<p class=\"menu-entry\">Solo primo <span class=\"menu-price\">13\u20ac<\/span><\/p>\n<p class=\"menu-entry\">Solo secondo <span class=\"menu-price\">15\u20ac<\/span><\/p>\n<p class=\"menu-entry\">La proposta del giorno <span class=\"menu-price\">15\u20ac\u201327\u20ac<\/span><\/p>\n<p class=\"menu-entry\">Dolci <span class=\"menu-price\">6\u20ac\u20138\u20ac<\/span><\/p>\n<\/div>\n<p>[\/et_pb_text][et_pb_text _builder_version=&#8221;4.7.7&#8243; _module_preset=&#8221;default&#8221; text_font=&#8221;|600|||||||&#8221; text_text_color=&#8221;#d5b9a7&#8243; custom_margin=&#8221;||||false|false&#8221; custom_padding=&#8221;20px|||40px|false|false&#8221; border_width_top=&#8221;1px&#8221; border_color_top=&#8221;#D5B9A7&#8243;]<\/p>\n<p>Comprensivo di 1 bottiglia d&#8217;acqua da 0.50&nbsp;cl. Caff\u00e8 e vino esclusi.<\/p>\n<p>\u00c8 sempre possibile richiedere, anche a pranzo, il nostro Men\u00f9 alla Carta.<\/p>\n<p>[\/et_pb_text][\/et_pb_column][\/et_pb_row][et_pb_row column_structure=&#8221;1_4,1_4,1_4,1_4&#8243; use_custom_gutter=&#8221;on&#8221; gutter_width=&#8221;2&#8243; disabled_on=&#8221;on|on|on&#8221; _builder_version=&#8221;4.7.7&#8243; _module_preset=&#8221;default&#8221; width=&#8221;90%&#8221; max_width=&#8221;1920px&#8221; disabled=&#8221;on&#8221;][et_pb_column type=&#8221;1_4&#8243; module_class=&#8221;pic-col&#8221; admin_label=&#8221;Carta&#8221; _builder_version=&#8221;4.7.7&#8243; _module_preset=&#8221;default&#8221; background_color=&#8221;#ffffff&#8221; custom_padding=&#8221;40px|40px|40px|40px|false|false&#8221; border_radii=&#8221;on|20px|20px|20px|20px&#8221;][et_pb_text admin_label=&#8221;Men\u00f9 alla Carta &#8211; Titolo&#8221; _builder_version=&#8221;4.6.6&#8243; _module_preset=&#8221;default&#8221; text_font=&#8221;||||||||&#8221; text_orientation=&#8221;center&#8221; custom_css_main_element=&#8221;font-weight:700;&#8221;]<\/p>\n<p><h1>Men\u00f9 alla Carta<\/h1>\n<\/p>\n<p>[\/et_pb_text][et_pb_toggle title=&#8221;Antipasti&#8221; open_toggle_text_color=&#8221;#d5b9a7&#8243; open_toggle_background_color=&#8221;#ffffff&#8221; closed_toggle_text_color=&#8221;#d5b9a7&#8243; closed_toggle_background_color=&#8221;#ffffff&#8221; icon_color=&#8221;#d5b9a7&#8243; _builder_version=&#8221;4.7.7&#8243; _module_preset=&#8221;default&#8221; title_text_color=&#8221;#d5b9a7&#8243; custom_padding=&#8221;0px|0px|0px|0px|false|false&#8221; custom_css_toggle_title=&#8221;font-variant: small-caps;||font-weight:600;||font-size:1.5em;||letter-spacing: .05em;||color:#D5B9A7;&#8221; border_width_all=&#8221;0px&#8221;]<\/p>\n<div class=\"menu-content\">\n<p class=\"menu-entry\">Baccal\u00e0 mantecato e merluzzo, scamorza, puntarelle e capperi <span class=\"menu-price\">28\u20ac<\/span><\/p>\n<p class=\"menu-entry\">Culatello 36 mesi, crudo di mora romagnola e coscia iberica <span class=\"menu-price\"> 26\u20ac<\/span><\/p>\n<p class=\"menu-entry\">Capesante, carciofo alla brace e salsa bernese <span class=\"menu-price\">38\u20ac<\/span><\/p>\n<\/div>\n<p>[\/et_pb_toggle][et_pb_toggle title=&#8221;Piatti di mezzo&#8221; open_toggle_text_color=&#8221;#d5b9a7&#8243; open_toggle_background_color=&#8221;#ffffff&#8221; closed_toggle_text_color=&#8221;#d5b9a7&#8243; closed_toggle_background_color=&#8221;#ffffff&#8221; icon_color=&#8221;#d5b9a7&#8243; _builder_version=&#8221;4.7.7&#8243; _module_preset=&#8221;default&#8221; title_text_color=&#8221;#d5b9a7&#8243; custom_padding=&#8221;0px|0px|0px|0px|false|false&#8221; custom_css_toggle_title=&#8221;font-variant: small-caps;||font-weight:600;||font-size:1.5em;||letter-spacing: .05em;||color:#D5B9A7;&#8221; border_width_all=&#8221;0px&#8221;]<\/p>\n<div class=\"menu-content\">\n<p class=\"menu-entry\">Lumache al bagnetto rosso e insalata aromatica <span class=\"menu-price\">26\u20ac<\/span><\/p>\n<p class=\"menu-entry\">Foie gras arrosto, pere, mandorla e pan brioche <span class=\"menu-price\">32\u20ac<\/span><\/p>\n<p class=\"menu-entry\">Coscette di rana fritte, salsa al burro bianco e prezzemolo <span class=\"menu-price\">32\u20ac<\/span><\/p>\n<p class=\"menus-entry\"><i>La Finanziera<\/i> <span class=\"menu-price\">28\u20ac<\/span><\/p>\n<\/div>\n<p>[\/et_pb_toggle][et_pb_toggle title=&#8221;Minestre&#8221; open_toggle_text_color=&#8221;#d5b9a7&#8243; open_toggle_background_color=&#8221;#ffffff&#8221; closed_toggle_text_color=&#8221;#d5b9a7&#8243; closed_toggle_background_color=&#8221;#ffffff&#8221; icon_color=&#8221;#d5b9a7&#8243; _builder_version=&#8221;4.7.7&#8243; _module_preset=&#8221;default&#8221; title_text_color=&#8221;#d5b9a7&#8243; custom_padding=&#8221;0px|0px|0px|0px|false|false&#8221; custom_css_toggle_title=&#8221;font-variant: small-caps;||font-weight:600;||font-size:1.5em;||letter-spacing: .05em;||color:#D5B9A7;&#8221; border_width_all=&#8221;0px&#8221;]<\/p>\n<div class=\"menu-content\">\n<p class=\"menu-entry\">Zuppa di lenticchie e molluschi <span class=\"menu-price\">30\u20ac<\/span><\/p>\n<\/div>\n<p>[\/et_pb_toggle][et_pb_toggle title=&#8221;Primi&#8221; open_toggle_text_color=&#8221;#d5b9a7&#8243; open_toggle_background_color=&#8221;#ffffff&#8221; closed_toggle_text_color=&#8221;#d5b9a7&#8243; closed_toggle_background_color=&#8221;#ffffff&#8221; icon_color=&#8221;#d5b9a7&#8243; _builder_version=&#8221;4.7.7&#8243; _module_preset=&#8221;default&#8221; title_text_color=&#8221;#d5b9a7&#8243; custom_padding=&#8221;0px|0px|0px|0px|false|false&#8221; custom_css_toggle_title=&#8221;font-variant: small-caps;||font-weight:600;||font-size:1.5em;||letter-spacing: .05em;||color:#D5B9A7;&#8221; border_width_all=&#8221;0px&#8221;]<\/p>\n<div class=\"menu-content\">\n<p class=\"menu-entry\">Riso, zucca, castagne e salsa ai fegatini <span class=\"menu-price\">22\u20ac<\/span><\/p>\n<p class=\"menu-entry\">Plin ai tre arrosti e il suo fondo <span class=\"menu-price\">24\u20ac<\/span><\/p>\n<p class=\"menu-entry\">Rigatoni, rag\u00f9 di fagiano, salvia e ginepro<span class=\"menu-price\">26\u20ac<\/span><\/p>\n<p class=\"menu-entry\">Gnocchi, cacio, pepe, scampi e gamberi \u201csolo conditi\u201d <span class=\"menu-price\">38\u20ac<\/span><\/p>\n<\/div>\n<p>[\/et_pb_toggle][et_pb_toggle title=&#8221;Secondi di carne&#8221; open_toggle_text_color=&#8221;#d5b9a7&#8243; open_toggle_background_color=&#8221;#ffffff&#8221; closed_toggle_text_color=&#8221;#d5b9a7&#8243; closed_toggle_background_color=&#8221;#ffffff&#8221; icon_color=&#8221;#d5b9a7&#8243; _builder_version=&#8221;4.7.7&#8243; _module_preset=&#8221;default&#8221; title_text_color=&#8221;#d5b9a7&#8243; custom_padding=&#8221;0px|0px|0px|0px|false|false&#8221; custom_css_toggle_title=&#8221;font-variant: small-caps;||font-weight:600;||font-size:1.5em;||letter-spacing: .05em;||color:#D5B9A7;&#8221; border_width_all=&#8221;0px&#8221;]<\/p>\n<div class=\"menu-content\">\n<p class=\"menu-entry\">Costoletta di vitello della tradizione milanese <span class=\"menu-price\">36\u20ac<\/span><\/p>\n<p class=\"menu-entry\">Piccione \u201cLaura Peri\u201d in due cotture <span class=\"menu-price\"> 40\u20ac<\/span><\/p>\n<p class=\"menu-entry\">Filetto di Fassona cotto sulla brace e patate novelle <span class=\"menu-price\">38\u20ac<\/span><\/p>\n<p class=\"menu-entry\">Capriolo, uva fragola, guanciale e salsa albufera <span class=\"menu-price\">40\u20ac<\/span><\/p>\n<\/div>\n<p>[\/et_pb_toggle][et_pb_toggle title=&#8221;Secondi di pesce&#8221; open_toggle_text_color=&#8221;#d5b9a7&#8243; open_toggle_background_color=&#8221;#ffffff&#8221; closed_toggle_text_color=&#8221;#d5b9a7&#8243; closed_toggle_background_color=&#8221;#ffffff&#8221; icon_color=&#8221;#d5b9a7&#8243; _builder_version=&#8221;4.7.7&#8243; _module_preset=&#8221;default&#8221; title_text_color=&#8221;#d5b9a7&#8243; custom_padding=&#8221;0px|0px|0px|0px|false|false&#8221; custom_css_toggle_title=&#8221;font-variant: small-caps;||font-weight:600;||font-size:1.5em;||letter-spacing: .05em;||color:#D5B9A7;&#8221; border_width_all=&#8221;0px&#8221;]<\/p>\n<div class=\"menu-content\">\n<p class=\"menu-entry\">Zuppa di pesce e pane croccante <span class=\"menu-price\">34\u20ac<\/span><\/p>\n<p class=\"menu-entry\"><i>Oggi dal mare&#8230;<\/i> <span class=\"menu-price\">40\u20ac<\/span><\/p>\n<\/div>\n<p>[\/et_pb_toggle][et_pb_toggle title=&#8221;Selezione di formaggi %22Franco Parola%22&#8243; open_toggle_text_color=&#8221;#d5b9a7&#8243; open_toggle_background_color=&#8221;#ffffff&#8221; closed_toggle_text_color=&#8221;#d5b9a7&#8243; closed_toggle_background_color=&#8221;#ffffff&#8221; icon_color=&#8221;#d5b9a7&#8243; _builder_version=&#8221;4.7.7&#8243; _module_preset=&#8221;default&#8221; title_text_color=&#8221;#d5b9a7&#8243; custom_padding=&#8221;0px|0px|0px|0px|false|false&#8221; custom_css_toggle_title=&#8221;font-variant: small-caps;||font-weight:600;||font-size:1.5em;||letter-spacing: .05em;||color:#D5B9A7;&#8221; border_width_all=&#8221;0px&#8221;]<\/p>\n<div class=\"menu-content\">\n<p class=\"menu-entry\">4 assaggi <span class=\"menu-price\">15\u20ac<\/span><\/p>\n<p class=\"menu-entry\">8 assaggi <span class=\"menu-price\">25\u20ac<\/span><\/p>\n<\/div>\n<p>[\/et_pb_toggle][et_pb_toggle title=&#8221;Dolci&#8221; open_toggle_text_color=&#8221;#d5b9a7&#8243; open_toggle_background_color=&#8221;#ffffff&#8221; closed_toggle_text_color=&#8221;#d5b9a7&#8243; closed_toggle_background_color=&#8221;#ffffff&#8221; icon_color=&#8221;#d5b9a7&#8243; _builder_version=&#8221;4.7.7&#8243; _module_preset=&#8221;default&#8221; title_text_color=&#8221;#d5b9a7&#8243; custom_padding=&#8221;0px|0px|0px|0px|false|false&#8221; custom_css_toggle_title=&#8221;font-variant: small-caps;||font-weight:600;||font-size:1.5em;||letter-spacing: .05em;||color:#D5B9A7;&#8221; border_width_all=&#8221;0px&#8221;]<\/p>\n<h3>i preferiti della Mamma<\/h3>\n<div class=\"menu-content\">\n<p class=\"menu-entry\">\u201cTorta di Rose\u201d<span class=\"menu-price\">13\u20ac<\/span><br \/><i>in abbinamento:<\/i> Passito di Pantelleria (Lago di Venere) <span class=\"menu-price\">12\u20ac<\/span><\/p>\n<p class=\"menu-entry\">\u201cPera e Mela\u201d <span class=\"menu-price\">18\u20ac<\/span><br \/><i>in abbinamento:<\/i> Passito Sherry (Ximenez-Spinola) <span class=\"menu-price\">12\u20ac<\/span><\/p>\n<p class=\"menu-entry\">\u201cBon\u00e8t e Mandarino\u201d <span class=\"menu-price\">15\u20ac<\/span><br \/><i>in abbinamento:<\/i> L\u2019altro Moscato (Marchesi di Gresyi) <span class=\"menu-price\">15\u20ac<\/span><\/p>\n<p class=\"menu-entry\">\u201cNocciola\u201d <span class=\"menu-price\">13\u20ac<\/span><br \/><i>in abbinamento:<\/i> Moscato di Scanzo (Biava) <span class=\"menu-price\">18\u20ac<\/span><\/p>\n<p class=\"menu-entry\">Il nostro gelato <span class=\"menu-price\">8\u20ac<\/span><\/p>\n<p class=\"menu-entry\">Sorbetto di stagione <span class=\"menu-price\">8\u20ac<\/span><\/p>\n<\/div>\n<p>[\/et_pb_toggle][et_pb_text admin_label=&#8221;Men\u00f9 alla Carta &#8211; Titolo&#8221; _builder_version=&#8221;4.7.7&#8243; _module_preset=&#8221;default&#8221; text_font=&#8221;||||||||&#8221; custom_css_main_element=&#8221;font-weight:700;||color:#53575a!important;&#8221;]<\/p>\n<p><h3>Pane, lievitati fatti in casa e coperto 6\u20ac<\/h3>\n<\/p>\n<p>[\/et_pb_text][et_pb_text _builder_version=&#8221;4.7.7&#8243; _module_preset=&#8221;default&#8221; text_font=&#8221;|600|||||||&#8221; text_text_color=&#8221;#d5b9a7&#8243; custom_margin=&#8221;||||false|false&#8221; custom_padding=&#8221;20px|||40px|false|false&#8221; border_width_top=&#8221;1px&#8221; border_color_top=&#8221;#D5B9A7&#8243;]<\/p>\n<p>Si richiede ai signori clienti di comunicare eventuali allergie.<\/p>\n<p>Si comunica, inoltre, che in caso di indisponibilit\u00e0 di prodotto fresco vengono utilizzate ottime materie prime surgelate\/congelate. Il pesce, destinato ad essere mangiato crudo, \u00e8 stato sottoposto a trattamento di bonifica preventiva conforme alle prescrizioni del regolamento CE 853\/2004, allegato III, sezione VIII, capitolo 3, lettera D, punto 3.<\/p>\n<p><!--\n\n<p style=\"font-size:.9em;font-weight:400;\">Segnaliamo inoltre che alcuni prodotti sono trattati con l'abbattimento rapido della temperatura di -18 (ai sensi del Reg. CE n 852\/04).<\/p>\n\n-->[\/et_pb_text][\/et_pb_column][et_pb_column type=&#8221;1_4&#8243; module_class=&#8221;pic-col&#8221; admin_label=&#8221;Tartufo&#8221; disabled_on=&#8221;on|on|on&#8221; _builder_version=&#8221;4.7.7&#8243; _module_preset=&#8221;default&#8221; background_color=&#8221;#ffffff&#8221; custom_padding=&#8221;40px|40px|40px|40px|false|false&#8221; border_radii=&#8221;on|20px|20px|20px|20px&#8221; disabled=&#8221;on&#8221;][et_pb_text admin_label=&#8221;Men\u00f9 alla Carta &#8211; Titolo&#8221; _builder_version=&#8221;4.7.7&#8243; _module_preset=&#8221;default&#8221; text_font=&#8221;||||||||&#8221; text_orientation=&#8221;center&#8221; custom_css_main_element=&#8221;font-weight:700;||color:#53575a!important;&#8221;]<\/p>\n<p id=\"tartufo\">\n<h3>In aggiunta alla nostra carta, un elogio alla stagionalit\u00e0<\/h3>\n<\/p>\n<p>[\/et_pb_text][et_pb_text admin_label=&#8221;Men\u00f9 alla Carta &#8211; Titolo&#8221; module_id=&#8221;tartufo&#8221; _builder_version=&#8221;4.7.7&#8243; _module_preset=&#8221;default&#8221; text_font=&#8221;||||||||&#8221; text_orientation=&#8221;center&#8221; custom_css_main_element=&#8221;font-weight:700;||color:#53575a!important;&#8221;]<\/p>\n<p><h1>Il Tartufo bianco di Alba<\/h1>\n<\/p>\n<p>[\/et_pb_text][et_pb_text admin_label=&#8221;Men\u00f9 alla Carta &#8211; Titolo&#8221; _builder_version=&#8221;4.7.7&#8243; _module_preset=&#8221;default&#8221; text_font=&#8221;||||||||&#8221; text_orientation=&#8221;center&#8221; custom_css_main_element=&#8221;font-weight:700;||color:#53575a!important;&#8221;]<\/p>\n<p><h3>Un prodotto d&#8217;eccellenza della terra, in grado di abbracciare con eleganza i nostri piatti<\/h3>\n<\/p>\n<p>[\/et_pb_text][et_pb_text _builder_version=&#8221;4.7.7&#8243; _module_preset=&#8221;default&#8221; text_text_color=&#8221;#53575a&#8221; custom_margin=&#8221;0px||||false|false&#8221; custom_padding=&#8221;||||false|false&#8221;]<\/p>\n<div class=\"menu-content\">\n<p class=\"menu-entry\">Carne cruda di Fassona battuta al coltello <span class=\"menu-price\">25\u20ac<\/span><\/p>\n<p class=\"menu-entry\">Cocotte di uova e fonduta <span class=\"menu-price\">22\u20ac<\/span><\/p>\n<p class=\"menu-entry\">Risotto alla parmigiana e succo di stinco <span class=\"menu-price\">22\u20ac<\/span><\/p>\n<p class=\"menu-entry\">Tajarin \u201c40 tuorli\u201d e burro di malga <span class=\"menu-price\">22\u20ac<\/span><\/p>\n<p class=\"menu-entry\">Costoletta di vitello alla milanese e Bettelmatt <span class=\"menu-price\">40\u20ac<\/span><\/p>\n<\/div>\n<p>[\/et_pb_text][et_pb_text admin_label=&#8221;Men\u00f9 alla Carta &#8211; Titolo&#8221; _builder_version=&#8221;4.7.7&#8243; _module_preset=&#8221;default&#8221; text_font=&#8221;||||||||&#8221; text_orientation=&#8221;center&#8221; custom_css_main_element=&#8221;font-weight:700;||color:#53575a!important;&#8221;]<\/p>\n<p><h3><b>Prezzo del tartufo al grammo 7,70\u20ac<\/b><\/h3>\n<\/p>\n<p>[\/et_pb_text][et_pb_text admin_label=&#8221;Men\u00f9 alla Carta &#8211; Titolo&#8221; _builder_version=&#8221;4.7.7&#8243; _module_preset=&#8221;default&#8221; text_font=&#8221;||||||||&#8221; text_orientation=&#8221;center&#8221; custom_css_main_element=&#8221;font-weight:700;||color:#53575a!important;&#8221;]<\/p>\n<p><h3>il prezzo potrebbe subire delle variazioni in base alle quotazioni di mercato<\/h3>\n<\/p>\n<p>[\/et_pb_text][\/et_pb_column][et_pb_column type=&#8221;1_4&#8243; module_class=&#8221;pic-col&#8221; admin_label=&#8221;Degustazione&#8221; _builder_version=&#8221;4.7.7&#8243; _module_preset=&#8221;default&#8221; background_color=&#8221;#d5b9a7&#8243; custom_padding=&#8221;40px|40px|40px|40px|false|false&#8221; border_radii=&#8221;on|20px|20px|20px|20px&#8221;][et_pb_text admin_label=&#8221;Men\u00f9 alla Carta &#8211; Titolo&#8221; _builder_version=&#8221;4.7.7&#8243; _module_preset=&#8221;default&#8221; text_font=&#8221;||||||||&#8221; text_orientation=&#8221;center&#8221; custom_margin=&#8221;||0px||false|false&#8221; custom_css_main_element=&#8221;font-weight:700;||color:#53575a!important;&#8221;]<\/p>\n<p><h1 style=\"color:#fff;\">Men\u00f9 Degustazione<\/h1>\n<\/p>\n<p>[\/et_pb_text][et_pb_text _builder_version=&#8221;4.7.7&#8243; _module_preset=&#8221;default&#8221; text_text_color=&#8221;#53575a&#8221; text_orientation=&#8221;center&#8221; custom_margin=&#8221;0px||||false|false&#8221; custom_padding=&#8221;||||false|false&#8221;]<\/p>\n<p>Il nostro percorso di degustazione nasce da incontri ed esperienze che hanno lasciato un segno sulla nostra strada e che speriamo possano lasciarlo anche sulla vostra<\/p>\n<p>[\/et_pb_text][et_pb_text _builder_version=&#8221;4.7.7&#8243; _module_preset=&#8221;default&#8221; text_text_color=&#8221;#53575a&#8221;]<\/p>\n<div class=\"menu-content-white\">\n<p class=\"menu-entry\"><b>Antologia<\/b><br \/>&#8211; 7 portate <span class=\"menu-price-white\">90\u20ac<\/span><\/p>\n<p class=\"menu-entry\"><b>Degustazione vini in abbinamento<\/b><br \/>&#8211; 5 calici <span class=\"menu-price-white\">60\u20ac<\/span><\/p>\n<\/div>\n<p>[\/et_pb_text][et_pb_text _builder_version=&#8221;4.7.7&#8243; _module_preset=&#8221;default&#8221; text_font=&#8221;|600|||||||&#8221; text_text_color=&#8221;#ffffff&#8221; custom_margin=&#8221;||||false|false&#8221; custom_padding=&#8221;20px|||40px|false|false&#8221; border_width_top=&#8221;1px&#8221; border_color_top=&#8221;#ffffff&#8221;]<\/p>\n<p>Il Men\u00f9 Degustazione si ispira alla nostra carta e alla disponibilit\u00e0 di prodotti freschi che il mercato del giorno ci rende disponibili.<\/p>\n<p>Il Men\u00f9 \u00e8 da intendersi valido per tutto il tavolo.<\/p>\n<p>[\/et_pb_text][\/et_pb_column][et_pb_column type=&#8221;1_4&#8243; module_class=&#8221;pic-col&#8221; admin_label=&#8221;Business&#8221; _builder_version=&#8221;4.7.7&#8243; _module_preset=&#8221;default&#8221; background_color=&#8221;#53575a&#8221; custom_padding=&#8221;40px|40px|40px|40px|false|false&#8221; border_radii=&#8221;on|20px|20px|20px|20px&#8221;][et_pb_text admin_label=&#8221;Men\u00f9 alla Carta &#8211; Titolo&#8221; _builder_version=&#8221;4.7.7&#8243; _module_preset=&#8221;default&#8221; text_font=&#8221;||||||||&#8221; text_orientation=&#8221;center&#8221; custom_margin=&#8221;||0px||false|false&#8221; custom_css_main_element=&#8221;font-weight:700;&#8221;]<\/p>\n<p><h1>Men\u00f9 <i>Business<\/i><\/h1>\n<\/p>\n<p>[\/et_pb_text][et_pb_text _builder_version=&#8221;4.7.7&#8243; _module_preset=&#8221;default&#8221; text_text_color=&#8221;#ffffff&#8221; text_orientation=&#8221;center&#8221; custom_margin=&#8221;0px||||false|false&#8221; custom_padding=&#8221;||||false|false&#8221;]<\/p>\n<p>da marted\u00ec a venerd\u00ec, a pranzo<\/p>\n<p>[\/et_pb_text][et_pb_text _builder_version=&#8221;4.7.7&#8243; _module_preset=&#8221;default&#8221; text_text_color=&#8221;#ffffff&#8221;]<\/p>\n<div class=\"menu-content\">\n<p class=\"menu-entry\">Men\u00f9 completo <span class=\"menu-price\">23\u20ac<\/span><\/p>\n<p class=\"menu-entry\">Solo primo <span class=\"menu-price\">13\u20ac<\/span><\/p>\n<p class=\"menu-entry\">Solo secondo <span class=\"menu-price\">15\u20ac<\/span><\/p>\n<p class=\"menu-entry\">La proposta del giorno <span class=\"menu-price\">15\u20ac\u201327\u20ac<\/span><\/p>\n<p class=\"menu-entry\">Dolci <span class=\"menu-price\">6\u20ac\u20138\u20ac<\/span><\/p>\n<\/div>\n<p>[\/et_pb_text][et_pb_text _builder_version=&#8221;4.7.7&#8243; _module_preset=&#8221;default&#8221; text_font=&#8221;|600|||||||&#8221; text_text_color=&#8221;#d5b9a7&#8243; custom_margin=&#8221;||||false|false&#8221; custom_padding=&#8221;20px|||40px|false|false&#8221; border_width_top=&#8221;1px&#8221; border_color_top=&#8221;#D5B9A7&#8243;]<\/p>\n<p>Comprensivo di 1 bottiglia d&#8217;acqua da 0.50&nbsp;cl. Caff\u00e8 e vino esclusi.<\/p>\n<p>\u00c8 sempre possibile richiedere, anche a pranzo, il nostro Men\u00f9 alla Carta.<\/p>\n<p>[\/et_pb_text][\/et_pb_column][\/et_pb_row][\/et_pb_section]<\/p>\n","protected":false},"excerpt":{"rendered":"<p>[et_pb_section fb_built=&#8221;1&#8243; _builder_version=&#8221;4.7.4&#8243; _module_preset=&#8221;default&#8221; background_color=&#8221;#fafafa&#8221;][et_pb_row _builder_version=&#8221;4.7.4&#8243; _module_preset=&#8221;default&#8221;][et_pb_column type=&#8221;4_4&#8243; _builder_version=&#8221;4.7.4&#8243; _module_preset=&#8221;default&#8221;][et_pb_text _builder_version=&#8221;4.7.7&#8243; _module_preset=&#8221;default&#8221; text_orientation=&#8221;center&#8221;] La nostra cucina [\/et_pb_text][\/et_pb_column][\/et_pb_row][et_pb_row column_structure=&#8221;1_4,1_2,1_4&#8243; _builder_version=&#8221;4.7.4&#8243; _module_preset=&#8221;default&#8221;][et_pb_column type=&#8221;1_4&#8243; _builder_version=&#8221;4.7.4&#8243; _module_preset=&#8221;default&#8221;][\/et_pb_column][et_pb_column type=&#8221;1_2&#8243; _builder_version=&#8221;4.7.4&#8243; _module_preset=&#8221;default&#8221;][et_pb_text _builder_version=&#8221;4.7.7&#8243; _module_preset=&#8221;default&#8221; text_font=&#8221;||||||||&#8221;] Mette al centro l\u2019incontro con i sapori della tradizione, quelli semplici, che solo la grande materia prima \u00e8 in grado di garantire ed esaltare. La creativit\u00e0 [&hellip;]<\/p>\n","protected":false},"author":1,"featured_media":0,"parent":630,"menu_order":0,"comment_status":"closed","ping_status":"closed","template":"","meta":{"_et_pb_use_builder":"on","_et_pb_old_content":"","_et_gb_content_width":""},"_links":{"self":[{"href":"https:\/\/www.osteriadellostrecciolo.it\/redaelli\/wp-json\/wp\/v2\/pages\/60"}],"collection":[{"href":"https:\/\/www.osteriadellostrecciolo.it\/redaelli\/wp-json\/wp\/v2\/pages"}],"about":[{"href":"https:\/\/www.osteriadellostrecciolo.it\/redaelli\/wp-json\/wp\/v2\/types\/page"}],"author":[{"embeddable":true,"href":"https:\/\/www.osteriadellostrecciolo.it\/redaelli\/wp-json\/wp\/v2\/users\/1"}],"replies":[{"embeddable":true,"href":"https:\/\/www.osteriadellostrecciolo.it\/redaelli\/wp-json\/wp\/v2\/comments?post=60"}],"version-history":[{"count":87,"href":"https:\/\/www.osteriadellostrecciolo.it\/redaelli\/wp-json\/wp\/v2\/pages\/60\/revisions"}],"predecessor-version":[{"id":1318,"href":"https:\/\/www.osteriadellostrecciolo.it\/redaelli\/wp-json\/wp\/v2\/pages\/60\/revisions\/1318"}],"up":[{"embeddable":true,"href":"https:\/\/www.osteriadellostrecciolo.it\/redaelli\/wp-json\/wp\/v2\/pages\/630"}],"wp:attachment":[{"href":"https:\/\/www.osteriadellostrecciolo.it\/redaelli\/wp-json\/wp\/v2\/media?parent=60"}],"curies":[{"name":"wp","href":"https:\/\/api.w.org\/{rel}","templated":true}]}}